{"id":6067,"date":"2026-05-28T12:22:14","date_gmt":"2026-05-28T10:22:14","guid":{"rendered":"https:\/\/fallonandbelle.com\/properties\/piso-de-obra-nueva-en-la-zona-de-recoletos\/"},"modified":"2026-09-05T03:00:42","modified_gmt":"2026-09-05T01:00:42","slug":"appartement-nouvellement-construit-dans-le-quartier-de-recoletos","status":"publish","type":"fbas_property","link":"https:\/\/fallonandbelle.com\/fr\/properties\/piso-de-obra-nueva-en-la-zona-de-recoletos\/","title":{"rendered":"Piso de obra nueva en el Barrio de Recoletos"},"content":{"rendered":"<p>Fallon&amp;Belle ofrece a pocos metros de la Puerta de Alcal\u00e1 y junto al parque de El Retiro, encontramos esta vivienda a estrenar en un edificio de fachada cl\u00e1sica y se\u00f1orial.<\/p>\n<p>Le b\u00e2timent a \u00e9t\u00e9 enti\u00e8rement r\u00e9nov\u00e9 dans le respect de son architecture d'origine, alliant des \u00e9l\u00e9ments classiques \u00e0 la qualit\u00e9 et au design : sols en marbre, murs lambriss\u00e9s et cours ext\u00e9rieures.<\/p>\n<p>Vivienda de 263 m\u00b2, dise\u00f1ada con estilo contempor\u00e1neo. Ofrece un amplio sal\u00f3n con tres balcones, comedor independiente y una cocina luminosa con cuarto de lavander\u00eda. La zona de noche incluye tres dormitorios, todos con amplios armarios y grandes ventanales que aportan luz natural y vistas a los patios. Adem\u00e1s, dispone de dos amplias plazas de garaje con acceso mediante rampa de est\u00e9tica industrial e iluminaci\u00f3n LED automatizada.<\/p>","protected":false},"excerpt":{"rendered":"<p>Fallon&amp;Belle ofrece a pocos metros de la Puerta de Alcal\u00e1 y junto al parque de El Retiro, encontramos esta vivienda a estrenar en un edificio de fachada cl\u00e1sica y se\u00f1orial.<\/p>\n<p>Le b\u00e2timent a \u00e9t\u00e9 enti\u00e8rement r\u00e9nov\u00e9 dans le respect de son architecture d'origine, alliant des \u00e9l\u00e9ments classiques \u00e0 la qualit\u00e9 et au design : sols en marbre, murs lambriss\u00e9s et cours ext\u00e9rieures.<\/p>\n<p>Vivienda de 263 m\u00b2, dise\u00f1ada con estilo contempor\u00e1neo. Ofrece un amplio sal\u00f3n con tres balcones, comedor independiente y una cocina luminosa con cuarto de lavander\u00eda. La zona de noche incluye tres dormitorios, todos con amplios armarios y grandes ventanales que aportan luz natural y vistas a los patios. Adem\u00e1s, dispone de dos amplias plazas de garaje con acceso mediante rampa de est\u00e9tica industrial e iluminaci\u00f3n LED automatizada.<\/p>","protected":false},"featured_media":6068,"template":"","meta":{"_acf_changed":false,"inline_featured_image":false,"_fbas_remote_id":86467583,"_fbas_reference":"86467583","_fbas_agency_id":23582,"_fbas_user_id":105561,"_fbas_name":"","_fbas_subtitle":"","_fbas_hook":"","_fbas_address":"","_fbas_address_more":"","_fbas_publish_address":false,"_fbas_country_code":"ES","_fbas_latitude":40.41965,"_fbas_longitude":-3.69477,"_fbas_radius":500,"_fbas_area_value":263,"_fbas_area_total":316,"_fbas_area_weighted":0,"_fbas_area_unit":"1","_fbas_rooms":0,"_fbas_bedrooms":3,"_fbas_bathrooms":0,"_fbas_condition":"","_fbas_condition_id":"","_fbas_condition_label":"","_fbas_sleeps":0,"_fbas_price_amount":5650000,"_fbas_price_max":0,"_fbas_price_fees":0,"_fbas_price_hide":false,"_fbas_currency":"EUR","_fbas_price_period":"","_fbas_price_commission":0,"_fbas_available_at":"","_fbas_delivered_at":"","_fbas_remote_created_at":"2025-11-24 11:19:51","_fbas_remote_updated_at":"2026-07-24 13:05:56","_fbas_step":"1","_fbas_status":"1","_fbas_group":"1","_fbas_sync_state":"synced","_fbas_last_synced_at":"2026-09-06T01:00:36+00:00","_fbas_import_version":"1.2.19","_fbas_payload_hash":"331b2a553426c586db97296ab5a3f06f","_fbas_region":{"id":686,"name":"Almer\u00eda"},"_fbas_city":{"id":150162,"name":"Madrid","zipcode":"28000"},"_fbas_district":{"id":11627,"name":"Recoletos"},"_fbas_agreement":{"type":2,"reference":"86467583","start_at":null,"end_at":null},"_fbas_residence":{"id":null,"type":null,"fees":null,"period":null,"lots":null},"_fbas_construction":{"method":null,"construction_year":"2024","construction_step":null,"renovation_year":null,"renovation_cost":null},"_fbas_floor":{"type":5,"value":3,"levels":"0","floors":"4"},"_fbas_heating":{"device":2,"devices":["2"],"access":1,"type":8,"types":["8","11"]},"_fbas_water":{"hot_device":4,"hot_access":2,"waste":2},"_fbas_condition_labels":[],"_fbas_raw_payload":{"id":86467583,"reference":86467583,"agency":23582,"quality":71,"agency_co_id":null,"brand":null,"sector":null,"user":{"id":"105561","agency":"23582","active":true,"created_at":"2024-05-08 00:05:52","updated_at":"2026-09-04 14:45:24","firstname":"Monica","lastname":"BOUZIANE","language":"es_ES","group":"4","email":"administracion@fallonandbelle.com","phone":"+34912356012","mobile":"+34674758692","fax":null,"birthday_at":"2003-04-24","timezone":"Europe\/Madrid","picture":"https:\/\/media.apimo.pro\/user\/1959154716ffc5faa18601cd2759f3eb_831bb6450e-original.jpg"},"step":1,"status":1,"group":1,"parent":null,"ranking":null,"category":1,"subcategory":null,"name":null,"type":1,"subtype":5,"agreement":{"type":2,"reference":"86467583","start_at":null,"end_at":null},"block_name":null,"lot_reference":null,"cadastre_reference":null,"stairs_reference":null,"address":null,"address_more":null,"publish_address":false,"country":"ES","region":{"id":686,"name":"Almer\u00eda"},"city":{"id":150162,"name":"Madrid","zipcode":"28000"},"original_city":null,"district":{"id":11627,"name":"Recoletos"},"original_district":null,"location":null,"longitude":-3.69477,"latitude":40.41965,"radius":500,"altitude":667,"referral":null,"subreferral":null,"area":{"unit":1,"value":263,"total":316,"weighted":null},"plot":{"net_floor":null,"land_type":null,"width":null,"height":null,"serviced_plot":false},"rooms":0,"bedrooms":3,"sleeps":0,"price":{"value":5650000,"max":null,"fees":null,"unit":null,"period":null,"hide":false,"inventory":null,"deposit":null,"currency":"EUR","commission":null,"transfer_tax":null,"contribution":null,"pension":null,"tenant":null,"vat":null},"rates":[],"owner":null,"tenant":null,"visit":null,"residence":{"id":null,"type":null,"fees":null,"period":null,"lots":null},"view":{"type":5,"landscape":["8","17"]},"construction":{"method":null,"construction_year":"2024","construction_step":null,"renovation_year":null,"renovation_cost":null},"floor":{"type":5,"value":3,"levels":"0","floors":"4"},"heating":{"device":2,"devices":["2"],"access":1,"type":8,"types":["8","11"]},"water":{"hot_device":4,"hot_access":2,"waste":2},"condition":null,"standing":3,"style":{"name":"Cl\u00e1sico contemporaneo"},"twinned":null,"facades":"0","length":null,"height":null,"url":"http:\/\/www.fallonandbelle.com?q=86467583","availability":"1","available_at":null,"delivered_at":null,"activities":[],"orientations":[],"services":[4,18,44,6,20,8,46,22,70,3,37,7,9,16,36],"proximities":[13,33,7,24,21,4,5,23,11,17,8,9,3,1,14,18,15,12,25,29,31,2,19,30],"tags":[2],"tags_customized":[],"pictures":[{"id":165963133,"type_id":1,"rank":1,"url":"https:\/\/media.apimo.pro\/cache\/582c1cf93a1163d28bc6d5f5ccf3bef3_321dddfb8a_1084-original.jpg","width_max":1080,"height_max":1084,"internet":"1","print":"1","panorama":false,"child":"1","reference":null,"comments":[]},{"id":165963134,"type_id":1,"rank":2,"url":"https:\/\/media.apimo.pro\/cache\/3fc5106b13273e91ea634f021f41ac10_2962fc7465_1088-original.jpg","width_max":1084,"height_max":1088,"internet":"1","print":"1","panorama":false,"child":"1","reference":null,"comments":[]},{"id":165963144,"type_id":1,"rank":3,"url":"https:\/\/media.apimo.pro\/cache\/b5208cf0084978d2eefa1b6a63fd9e9a_cc249ae773_1088-original.jpg","width_max":1088,"height_max":1080,"internet":"1","print":"1","panorama":false,"child":"1","reference":null,"comments":[]},{"id":165963138,"type_id":1,"rank":4,"url":"https:\/\/media.apimo.pro\/cache\/c4d35115da6b41944d1ad83e181418c6_e0aabb1dbc_1084-original.jpg","width_max":1082,"height_max":1084,"internet":"1","print":"1","panorama":false,"child":"1","reference":null,"comments":[]},{"id":165963148,"type_id":1,"rank":5,"url":"https:\/\/media.apimo.pro\/cache\/44ab25c4c690e3bfc93a072b1ae838ba_6ba3ee5082_1084-original.jpg","width_max":1078,"height_max":1084,"internet":"1","print":"1","panorama":false,"child":"1","reference":null,"comments":[]},{"id":165963137,"type_id":1,"rank":6,"url":"https:\/\/media.apimo.pro\/cache\/0195b5959a5613cee191752612e837bf_8ff01950c4_1080-original.jpg","width_max":1080,"height_max":1076,"internet":"1","print":"1","panorama":false,"child":"1","reference":null,"comments":[]},{"id":165963142,"type_id":1,"rank":7,"url":"https:\/\/media.apimo.pro\/cache\/f44fea904e012afb5defb05bcacd1438_be5a79bdab_1638-original.jpg","width_max":1638,"height_max":1014,"internet":"1","print":"1","panorama":false,"child":"1","reference":null,"comments":[]},{"id":165963143,"type_id":1,"rank":8,"url":"https:\/\/media.apimo.pro\/cache\/7443089de5097c3fb3a533e5f0677469_542e6db4ae_1082-original.jpg","width_max":1078,"height_max":1082,"internet":"1","print":"1","panorama":false,"child":"1","reference":null,"comments":[]},{"id":165963150,"type_id":1,"rank":9,"url":"https:\/\/media.apimo.pro\/cache\/cbf0fb70b8a3a49e5defd0187ede347d_660fbf9b46_1082-original.jpg","width_max":1082,"height_max":904,"internet":"1","print":"1","panorama":false,"child":"1","reference":null,"comments":[]}],"medias":[],"documents":[],"comments":[{"language":"en","title":"Newly built apartment in the Recoletos area","subtitle":null,"hook":null,"comment":"A few meters from the Puerta de Alcal\u00e1 and next to El Retiro park, we find this brand new home in a building with a classic and stately facade.\r\n\r\nThe building has been fully rehabilitated respecting its original architecture, combining classic elements with quality and design: marble flooring, wooden paneling on walls, and outdoor patio conditioning.\r\n\r\nA 268 m\u00b2 home, designed with a contemporary style. It offers a spacious living room with three balconies, an independent dining room, and a bright kitchen with a laundry room. The night area includes three bedrooms, all with large wardrobes and big windows that provide natural light and views of the patios. Additionally, it has two large parking spaces with access via an industrial-style ramp and automated LED lighting.","comment_full":null},{"language":"es","title":"Piso de obra nueva en el Barrio de Recoletos","subtitle":null,"hook":null,"comment":"Fallon&Belle ofrece a pocos metros de la Puerta de Alcal\u00e1 y junto al parque de El Retiro, encontramos esta vivienda a estrenar en un edificio de fachada cl\u00e1sica y se\u00f1orial.\r\n\r\nEl edificio ha sido rehabilitado en su totalidad respetando su arquitectura original combinando elementos cl\u00e1sicos con la calidad y el dise\u00f1o: solados de m\u00e1rmol, panelados de madera en paredes y acondicionamiento de patios exteriores.\r\n\r\nVivienda de 263 m\u00b2, dise\u00f1ada con estilo contempor\u00e1neo. Ofrece un amplio sal\u00f3n con tres balcones, comedor independiente y una cocina luminosa con cuarto de lavander\u00eda. La zona de noche incluye tres dormitorios, todos con amplios armarios y grandes ventanales que aportan luz natural y vistas a los patios. Adem\u00e1s, dispone de dos amplias plazas de garaje con acceso mediante rampa de est\u00e9tica industrial e iluminaci\u00f3n LED automatizada.","comment_full":null}],"areas":[{"type":1,"number":3,"area":null,"flooring":null,"ceiling_height":null,"floor":{"type":null,"value":null},"orientations":[],"comments":[],"lot":{"type":null,"rank":null,"name":[]},"beds":{"single":null,"double":null},"price":null},{"type":8,"number":3,"area":null,"flooring":null,"ceiling_height":null,"floor":{"type":null,"value":null},"orientations":[],"comments":[],"lot":{"type":null,"rank":null,"name":[]},"beds":{"single":null,"double":null},"price":null},{"type":16,"number":1,"area":null,"flooring":null,"ceiling_height":null,"floor":{"type":null,"value":null},"orientations":[],"comments":[],"lot":{"type":null,"rank":null,"name":[]},"beds":{"single":null,"double":null},"price":null},{"type":4,"number":2,"area":null,"flooring":null,"ceiling_height":null,"floor":{"type":null,"value":null},"orientations":[],"comments":[],"lot":{"type":null,"rank":null,"name":[]},"beds":{"single":null,"double":null},"price":null},{"type":39,"number":1,"area":null,"flooring":null,"ceiling_height":null,"floor":{"type":null,"value":null},"orientations":[],"comments":[],"lot":{"type":null,"rank":null,"name":[]},"beds":{"single":null,"double":null},"price":null}],"regulations":[],"financial":[],"exchanges":[],"options":[],"filling_rate":null,"private_comment":null,"interagency_comment":null,"status_comment":null,"logs":[],"referrals":[],"created_at":"2025-11-24 11:19:51","created_by":"105561","updated_at":"2026-07-24 13:05:56","updated_by":"105561"},"_fbas_comments_by_language":{"en":{"language":"en","title":"Newly built apartment in the Recoletos area","subtitle":"","hook":"","comment":"A few meters from the Puerta de Alcal\u00e1 and next to El Retiro park, we find this brand new home in a building with a classic and stately facade.\r\n\r\nThe building has been fully rehabilitated respecting its original architecture, combining classic elements with quality and design: marble flooring, wooden paneling on walls, and outdoor patio conditioning.\r\n\r\nA 268 m\u00b2 home, designed with a contemporary style. It offers a spacious living room with three balconies, an independent dining room, and a bright kitchen with a laundry room. The night area includes three bedrooms, all with large wardrobes and big windows that provide natural light and views of the patios. Additionally, it has two large parking spaces with access via an industrial-style ramp and automated LED lighting.","comment_full":""},"es":{"language":"es","title":"Piso de obra nueva en el Barrio de Recoletos","subtitle":"","hook":"","comment":"Fallon&amp;Belle ofrece a pocos metros de la Puerta de Alcal\u00e1 y junto al parque de El Retiro, encontramos esta vivienda a estrenar en un edificio de fachada cl\u00e1sica y se\u00f1orial.\r\n\r\nEl edificio ha sido rehabilitado en su totalidad respetando su arquitectura original combinando elementos cl\u00e1sicos con la calidad y el dise\u00f1o: solados de m\u00e1rmol, panelados de madera en paredes y acondicionamiento de patios exteriores.\r\n\r\nVivienda de 263 m\u00b2, dise\u00f1ada con estilo contempor\u00e1neo. Ofrece un amplio sal\u00f3n con tres balcones, comedor independiente y una cocina luminosa con cuarto de lavander\u00eda. La zona de noche incluye tres dormitorios, todos con amplios armarios y grandes ventanales que aportan luz natural y vistas a los patios. Adem\u00e1s, dispone de dos amplias plazas de garaje con acceso mediante rampa de est\u00e9tica industrial e iluminaci\u00f3n LED automatizada.","comment_full":""}},"_fbas_areas":null,"_fbas_room_parts":null,"_fbas_regulations":[],"_fbas_documents":[],"_fbas_medias":[],"_fbas_remote_pictures":null,"_fbas_gallery_ids":[6068,6069,6070,6071,6072,6073,6074,6075,6076]},"fbas_property_operation":[20],"fbas_property_type":[21,22],"fbas_property_location":[27,26,81,107],"fbas_property_availability":[25],"fbas_property_status":[24,23],"fbas_property_feature":[118,41,29,42,36,43,102,45,46,47,48,49,34,50,38,31,74,51,52,53,54,55,57,35,59,60,61,62,32,63,64,95,104,39,65,66,117,67,33,105],"class_list":["post-6067","fbas_property","type-fbas_property","status-publish","has-post-thumbnail","hentry","fbas_property_operation-venta","fbas_property_type-piso","fbas_property_type-piso-5","fbas_property_location-almeria","fbas_property_location-es","fbas_property_location-madrid-150162","fbas_property_location-recoletos","fbas_property_availability-libre","fbas_property_status-activo","fbas_property_status-disponible","fbas_property_feature-acceso-para-minusvalidos","fbas_property_feature-aeropuerto","fbas_property_feature-aire-acondicionado","fbas_property_feature-aparcamiento-publico","fbas_property_feature-ascensor","fbas_property_feature-autopista","fbas_property_feature-camaras-de-seguridad","fbas_property_feature-carretera-principal","fbas_property_feature-centro-ciudad","fbas_property_feature-centro-de-ferias-y-congresos","fbas_property_feature-centro-deportivo","fbas_property_feature-cine","fbas_property_feature-cochera","fbas_property_feature-comercios","fbas_property_feature-conserje-7","fbas_property_feature-doble-acristalamiento","fbas_property_feature-domotica","fbas_property_feature-escuela-primaria","fbas_property_feature-escuela-secundaria","fbas_property_feature-estacion-de-bus","fbas_property_feature-estacion-de-tren","fbas_property_feature-guarderia","fbas_property_feature-hospital-clinica","fbas_property_feature-iluminacion-exterior","fbas_property_feature-medico","fbas_property_feature-metro","fbas_property_feature-parada-de-autobus","fbas_property_feature-parque","fbas_property_feature-persianas-electricas","fbas_property_feature-piscina-publica","fbas_property_feature-pista-de-tenis","fbas_property_feature-portero-automatico","fbas_property_feature-porton-electrico","fbas_property_feature-residencia-principal","fbas_property_feature-supermercado","fbas_property_feature-taxi","fbas_property_feature-termostato-conectado","fbas_property_feature-universidad","fbas_property_feature-ventanales","fbas_property_feature-videoportero"],"acf":[],"yoast_head":"<!-- This site is optimized with the Yoast SEO plugin v28.3 - https:\/\/yoast.com\/product\/yoast-seo-wordpress\/ -->\n<title>Piso de obra nueva en el Barrio de Recoletos - Fallon and Belle<\/title>\n<meta name=\"robots\" content=\"index, follow, max-snippet:-1, max-image-preview:large, max-video-preview:-1\" \/>\n<link rel=\"canonical\" href=\"https:\/\/fallonandbelle.com\/fr\/properties\/appartement-nouvellement-construit-dans-le-quartier-de-recoletos\/\" \/>\n<meta property=\"og:locale\" content=\"fr_FR\" \/>\n<meta property=\"og:type\" content=\"article\" \/>\n<meta property=\"og:title\" content=\"Piso de obra nueva en el Barrio de Recoletos - Fallon and Belle\" \/>\n<meta property=\"og:description\" content=\"Fallon&amp;Belle ofrece a pocos metros de la Puerta de Alcal\u00e1 y junto al parque de El Retiro, encontramos esta vivienda a estrenar en un edificio de fachada cl\u00e1sica y se\u00f1orial.  El edificio ha sido rehabilitado en su totalidad respetando su arquitectura original combinando elementos cl\u00e1sicos con la calidad y el dise\u00f1o: solados de m\u00e1rmol, panelados de madera en paredes y acondicionamiento de patios exteriores.  Vivienda de 263 m\u00b2, dise\u00f1ada con estilo contempor\u00e1neo. Ofrece un amplio sal\u00f3n con tres balcones, comedor independiente y una cocina luminosa con cuarto de lavander\u00eda. La zona de noche incluye tres dormitorios, todos con amplios armarios y grandes ventanales que aportan luz natural y vistas a los patios. Adem\u00e1s, dispone de dos amplias plazas de garaje con acceso mediante rampa de est\u00e9tica industrial e iluminaci\u00f3n LED automatizada.\" \/>\n<meta property=\"og:url\" content=\"https:\/\/fallonandbelle.com\/fr\/properties\/appartement-nouvellement-construit-dans-le-quartier-de-recoletos\/\" \/>\n<meta property=\"og:site_name\" content=\"Fallon and Belle\" \/>\n<meta property=\"article:modified_time\" content=\"2026-09-05T01:00:42+00:00\" \/>\n<meta property=\"og:image\" content=\"https:\/\/fallonandbelle.com\/wp-content\/uploads\/2026\/05\/582c1cf93a1163d28bc6d5f5ccf3bef3_321dddfb8a_1084-original.jpg\" \/>\n\t<meta property=\"og:image:width\" content=\"1080\" \/>\n\t<meta property=\"og:image:height\" content=\"1084\" \/>\n\t<meta property=\"og:image:type\" content=\"image\/jpeg\" \/>\n<meta name=\"twitter:card\" content=\"summary_large_image\" \/>\n<meta name=\"twitter:label1\" content=\"Dur\u00e9e de lecture estim\u00e9e\" \/>\n\t<meta name=\"twitter:data1\" content=\"1 minute\" \/>\n<script type=\"application\/ld+json\" class=\"yoast-schema-graph\">{\"@context\":\"https:\\\/\\\/schema.org\",\"@graph\":[{\"@type\":\"WebPage\",\"@id\":\"https:\\\/\\\/fallonandbelle.com\\\/properties\\\/piso-de-obra-nueva-en-la-zona-de-recoletos\\\/\",\"url\":\"https:\\\/\\\/fallonandbelle.com\\\/properties\\\/piso-de-obra-nueva-en-la-zona-de-recoletos\\\/\",\"name\":\"Piso de obra nueva en el Barrio de Recoletos - Fallon and Belle\",\"isPartOf\":{\"@id\":\"https:\\\/\\\/fallonandbelle.com\\\/#website\"},\"primaryImageOfPage\":{\"@id\":\"https:\\\/\\\/fallonandbelle.com\\\/properties\\\/piso-de-obra-nueva-en-la-zona-de-recoletos\\\/#primaryimage\"},\"image\":{\"@id\":\"https:\\\/\\\/fallonandbelle.com\\\/properties\\\/piso-de-obra-nueva-en-la-zona-de-recoletos\\\/#primaryimage\"},\"thumbnailUrl\":\"https:\\\/\\\/fallonandbelle.com\\\/wp-content\\\/uploads\\\/2026\\\/05\\\/582c1cf93a1163d28bc6d5f5ccf3bef3_321dddfb8a_1084-original.jpg\",\"datePublished\":\"2026-05-28T10:22:14+00:00\",\"dateModified\":\"2026-09-05T01:00:42+00:00\",\"breadcrumb\":{\"@id\":\"https:\\\/\\\/fallonandbelle.com\\\/properties\\\/piso-de-obra-nueva-en-la-zona-de-recoletos\\\/#breadcrumb\"},\"inLanguage\":\"fr-FR\",\"potentialAction\":[{\"@type\":\"ReadAction\",\"target\":[\"https:\\\/\\\/fallonandbelle.com\\\/properties\\\/piso-de-obra-nueva-en-la-zona-de-recoletos\\\/\"]}]},{\"@type\":\"ImageObject\",\"inLanguage\":\"fr-FR\",\"@id\":\"https:\\\/\\\/fallonandbelle.com\\\/properties\\\/piso-de-obra-nueva-en-la-zona-de-recoletos\\\/#primaryimage\",\"url\":\"https:\\\/\\\/fallonandbelle.com\\\/wp-content\\\/uploads\\\/2026\\\/05\\\/582c1cf93a1163d28bc6d5f5ccf3bef3_321dddfb8a_1084-original.jpg\",\"contentUrl\":\"https:\\\/\\\/fallonandbelle.com\\\/wp-content\\\/uploads\\\/2026\\\/05\\\/582c1cf93a1163d28bc6d5f5ccf3bef3_321dddfb8a_1084-original.jpg\",\"width\":1080,\"height\":1084},{\"@type\":\"BreadcrumbList\",\"@id\":\"https:\\\/\\\/fallonandbelle.com\\\/properties\\\/piso-de-obra-nueva-en-la-zona-de-recoletos\\\/#breadcrumb\",\"itemListElement\":[{\"@type\":\"ListItem\",\"position\":1,\"name\":\"Portada\",\"item\":\"https:\\\/\\\/fallonandbelle.com\\\/\"},{\"@type\":\"ListItem\",\"position\":2,\"name\":\"Propiedades\",\"item\":\"https:\\\/\\\/fallonandbelle.com\\\/properties\\\/\"},{\"@type\":\"ListItem\",\"position\":3,\"name\":\"Piso de obra nueva en el Barrio de Recoletos\"}]},{\"@type\":\"WebSite\",\"@id\":\"https:\\\/\\\/fallonandbelle.com\\\/#website\",\"url\":\"https:\\\/\\\/fallonandbelle.com\\\/\",\"name\":\"Fallon and Belle\",\"description\":\"\",\"publisher\":{\"@id\":\"https:\\\/\\\/fallonandbelle.com\\\/#organization\"},\"potentialAction\":[{\"@type\":\"SearchAction\",\"target\":{\"@type\":\"EntryPoint\",\"urlTemplate\":\"https:\\\/\\\/fallonandbelle.com\\\/?s={search_term_string}\"},\"query-input\":{\"@type\":\"PropertyValueSpecification\",\"valueRequired\":true,\"valueName\":\"search_term_string\"}}],\"inLanguage\":\"fr-FR\"},{\"@type\":\"Organization\",\"@id\":\"https:\\\/\\\/fallonandbelle.com\\\/#organization\",\"name\":\"Fallon and Belle\",\"url\":\"https:\\\/\\\/fallonandbelle.com\\\/\",\"logo\":{\"@type\":\"ImageObject\",\"inLanguage\":\"fr-FR\",\"@id\":\"https:\\\/\\\/fallonandbelle.com\\\/#\\\/schema\\\/logo\\\/image\\\/\",\"url\":\"https:\\\/\\\/fallonandbelle.com\\\/wp-content\\\/uploads\\\/2025\\\/03\\\/logo-1.svg\",\"contentUrl\":\"https:\\\/\\\/fallonandbelle.com\\\/wp-content\\\/uploads\\\/2025\\\/03\\\/logo-1.svg\",\"width\":216,\"height\":20,\"caption\":\"Fallon and Belle\"},\"image\":{\"@id\":\"https:\\\/\\\/fallonandbelle.com\\\/#\\\/schema\\\/logo\\\/image\\\/\"}}]}<\/script>\n<!-- \/ Yoast SEO plugin. -->","yoast_head_json":{"title":"Piso de obra nueva en el Barrio de Recoletos - Fallon and Belle","robots":{"index":"index","follow":"follow","max-snippet":"max-snippet:-1","max-image-preview":"max-image-preview:large","max-video-preview":"max-video-preview:-1"},"canonical":"https:\/\/fallonandbelle.com\/fr\/properties\/appartement-nouvellement-construit-dans-le-quartier-de-recoletos\/","og_locale":"fr_FR","og_type":"article","og_title":"Piso de obra nueva en el Barrio de Recoletos - Fallon and Belle","og_description":"Fallon&amp;Belle ofrece a pocos metros de la Puerta de Alcal\u00e1 y junto al parque de El Retiro, encontramos esta vivienda a estrenar en un edificio de fachada cl\u00e1sica y se\u00f1orial.  El edificio ha sido rehabilitado en su totalidad respetando su arquitectura original combinando elementos cl\u00e1sicos con la calidad y el dise\u00f1o: solados de m\u00e1rmol, panelados de madera en paredes y acondicionamiento de patios exteriores.  Vivienda de 263 m\u00b2, dise\u00f1ada con estilo contempor\u00e1neo. Ofrece un amplio sal\u00f3n con tres balcones, comedor independiente y una cocina luminosa con cuarto de lavander\u00eda. La zona de noche incluye tres dormitorios, todos con amplios armarios y grandes ventanales que aportan luz natural y vistas a los patios. Adem\u00e1s, dispone de dos amplias plazas de garaje con acceso mediante rampa de est\u00e9tica industrial e iluminaci\u00f3n LED automatizada.","og_url":"https:\/\/fallonandbelle.com\/fr\/properties\/appartement-nouvellement-construit-dans-le-quartier-de-recoletos\/","og_site_name":"Fallon and Belle","article_modified_time":"2026-09-05T01:00:42+00:00","og_image":[{"width":1080,"height":1084,"url":"https:\/\/fallonandbelle.com\/wp-content\/uploads\/2026\/05\/582c1cf93a1163d28bc6d5f5ccf3bef3_321dddfb8a_1084-original.jpg","type":"image\/jpeg"}],"twitter_card":"summary_large_image","twitter_misc":{"Dur\u00e9e de lecture estim\u00e9e":"1 minute"},"schema":{"@context":"https:\/\/schema.org","@graph":[{"@type":"WebPage","@id":"https:\/\/fallonandbelle.com\/properties\/piso-de-obra-nueva-en-la-zona-de-recoletos\/","url":"https:\/\/fallonandbelle.com\/properties\/piso-de-obra-nueva-en-la-zona-de-recoletos\/","name":"Piso de obra nueva en el Barrio de Recoletos - Fallon and Belle","isPartOf":{"@id":"https:\/\/fallonandbelle.com\/#website"},"primaryImageOfPage":{"@id":"https:\/\/fallonandbelle.com\/properties\/piso-de-obra-nueva-en-la-zona-de-recoletos\/#primaryimage"},"image":{"@id":"https:\/\/fallonandbelle.com\/properties\/piso-de-obra-nueva-en-la-zona-de-recoletos\/#primaryimage"},"thumbnailUrl":"https:\/\/fallonandbelle.com\/wp-content\/uploads\/2026\/05\/582c1cf93a1163d28bc6d5f5ccf3bef3_321dddfb8a_1084-original.jpg","datePublished":"2026-05-28T10:22:14+00:00","dateModified":"2026-09-05T01:00:42+00:00","breadcrumb":{"@id":"https:\/\/fallonandbelle.com\/properties\/piso-de-obra-nueva-en-la-zona-de-recoletos\/#breadcrumb"},"inLanguage":"fr-FR","potentialAction":[{"@type":"ReadAction","target":["https:\/\/fallonandbelle.com\/properties\/piso-de-obra-nueva-en-la-zona-de-recoletos\/"]}]},{"@type":"ImageObject","inLanguage":"fr-FR","@id":"https:\/\/fallonandbelle.com\/properties\/piso-de-obra-nueva-en-la-zona-de-recoletos\/#primaryimage","url":"https:\/\/fallonandbelle.com\/wp-content\/uploads\/2026\/05\/582c1cf93a1163d28bc6d5f5ccf3bef3_321dddfb8a_1084-original.jpg","contentUrl":"https:\/\/fallonandbelle.com\/wp-content\/uploads\/2026\/05\/582c1cf93a1163d28bc6d5f5ccf3bef3_321dddfb8a_1084-original.jpg","width":1080,"height":1084},{"@type":"BreadcrumbList","@id":"https:\/\/fallonandbelle.com\/properties\/piso-de-obra-nueva-en-la-zona-de-recoletos\/#breadcrumb","itemListElement":[{"@type":"ListItem","position":1,"name":"Portada","item":"https:\/\/fallonandbelle.com\/"},{"@type":"ListItem","position":2,"name":"Propiedades","item":"https:\/\/fallonandbelle.com\/properties\/"},{"@type":"ListItem","position":3,"name":"Piso de obra nueva en el Barrio de Recoletos"}]},{"@type":"WebSite","@id":"https:\/\/fallonandbelle.com\/#website","url":"https:\/\/fallonandbelle.com\/","name":"Fallon et Belle","description":"","publisher":{"@id":"https:\/\/fallonandbelle.com\/#organization"},"potentialAction":[{"@type":"SearchAction","target":{"@type":"EntryPoint","urlTemplate":"https:\/\/fallonandbelle.com\/?s={search_term_string}"},"query-input":{"@type":"PropertyValueSpecification","valueRequired":true,"valueName":"search_term_string"}}],"inLanguage":"fr-FR"},{"@type":"Organization","@id":"https:\/\/fallonandbelle.com\/#organization","name":"Fallon et Belle","url":"https:\/\/fallonandbelle.com\/","logo":{"@type":"ImageObject","inLanguage":"fr-FR","@id":"https:\/\/fallonandbelle.com\/#\/schema\/logo\/image\/","url":"https:\/\/fallonandbelle.com\/wp-content\/uploads\/2025\/03\/logo-1.svg","contentUrl":"https:\/\/fallonandbelle.com\/wp-content\/uploads\/2025\/03\/logo-1.svg","width":216,"height":20,"caption":"Fallon and Belle"},"image":{"@id":"https:\/\/fallonandbelle.com\/#\/schema\/logo\/image\/"}}]}},"_links":{"self":[{"href":"https:\/\/fallonandbelle.com\/fr\/wp-json\/wp\/v2\/fbas_property\/6067","targetHints":{"allow":["GET"]}}],"collection":[{"href":"https:\/\/fallonandbelle.com\/fr\/wp-json\/wp\/v2\/fbas_property"}],"about":[{"href":"https:\/\/fallonandbelle.com\/fr\/wp-json\/wp\/v2\/types\/fbas_property"}],"wp:featuredmedia":[{"embeddable":true,"href":"https:\/\/fallonandbelle.com\/fr\/wp-json\/wp\/v2\/media\/6068"}],"wp:attachment":[{"href":"https:\/\/fallonandbelle.com\/fr\/wp-json\/wp\/v2\/media?parent=6067"}],"wp:term":[{"taxonomy":"fbas_property_operation","embeddable":true,"href":"https:\/\/fallonandbelle.com\/fr\/wp-json\/wp\/v2\/fbas_property_operation?post=6067"},{"taxonomy":"fbas_property_type","embeddable":true,"href":"https:\/\/fallonandbelle.com\/fr\/wp-json\/wp\/v2\/fbas_property_type?post=6067"},{"taxonomy":"fbas_property_location","embeddable":true,"href":"https:\/\/fallonandbelle.com\/fr\/wp-json\/wp\/v2\/fbas_property_location?post=6067"},{"taxonomy":"fbas_property_availability","embeddable":true,"href":"https:\/\/fallonandbelle.com\/fr\/wp-json\/wp\/v2\/fbas_property_availability?post=6067"},{"taxonomy":"fbas_property_status","embeddable":true,"href":"https:\/\/fallonandbelle.com\/fr\/wp-json\/wp\/v2\/fbas_property_status?post=6067"},{"taxonomy":"fbas_property_feature","embeddable":true,"href":"https:\/\/fallonandbelle.com\/fr\/wp-json\/wp\/v2\/fbas_property_feature?post=6067"}],"curies":[{"name":"wp","href":"https:\/\/api.w.org\/{rel}","templated":true}]}}